{"id":40752,"date":"2023-10-13T14:36:27","date_gmt":"2023-10-13T12:36:27","guid":{"rendered":"https:\/\/uhlsport.group\/?page_id=40752"},"modified":"2026-01-12T10:17:49","modified_gmt":"2026-01-12T09:17:49","slug":"direccion-de-la-empresa","status":"publish","type":"page","link":"https:\/\/uhlsport.group\/es\/direccion-de-la-empresa\/","title":{"rendered":"Direcci\u00f3n de la empresa"},"content":{"rendered":"\n<style type=\"text\/css\" data-created_by=\"avia_inline_auto\" id=\"style-css-av-lnon2s94-b18476b7e912eeac506b7c97e9817485\">\n.avia-section.av-lnon2s94-b18476b7e912eeac506b7c97e9817485{\nbackground-repeat:no-repeat;\nbackground-image:url(https:\/\/uhlsport.group\/wp-content\/uploads\/2026\/01\/uhlsport-GmbH-GL-Jan-2026_sw-2.jpg);\nbackground-position:50% 0%;\nbackground-attachment:scroll;\n}\n<\/style>\n<div id='av_section_1'  class='avia-section av-lnon2s94-b18476b7e912eeac506b7c97e9817485 main_color avia-section-no-padding avia-no-border-styling  avia-builder-el-0  el_before_av_section  avia-builder-el-first  av-small-hide av-mini-hide avia-full-stretch avia-bg-style-scroll av-minimum-height av-minimum-height-75 av-height-75  container_wrap fullsize'  data-section-bg-repeat='stretch' data-av_minimum_height_pc='75' data-av_min_height_opt='75'><div class='container av-section-cont-open' ><main  role=\"main\" itemprop=\"mainContentOfPage\"  class='template-page content  av-content-full alpha units'><div class='post-entry post-entry-type-page post-entry-40752'><div class='entry-content-wrapper clearfix'>\n<\/div><\/div><\/main><!-- close content main element --><\/div><\/div>\n<style type=\"text\/css\" data-created_by=\"avia_inline_auto\" id=\"style-css-av-lnon333w-abb07f1101c897d1a0752385ee8cb56b\">\n.avia-section.av-lnon333w-abb07f1101c897d1a0752385ee8cb56b{\nbackground-repeat:no-repeat;\nbackground-image:url(https:\/\/uhlsport.group\/wp-content\/uploads\/2026\/01\/uhlsport-GmbH-GL-Jan-2026_sw_1080x1080-2.jpg);\nbackground-position:50% 0%;\nbackground-attachment:scroll;\n}\n<\/style>\n<div id='av_section_2'  class='avia-section av-lnon333w-abb07f1101c897d1a0752385ee8cb56b main_color avia-section-no-padding avia-no-border-styling  avia-builder-el-1  el_after_av_section  el_before_av_hr  av-desktop-hide av-medium-hide av-mini-hide avia-full-stretch avia-bg-style-scroll av-minimum-height av-minimum-height-50 av-height-50  container_wrap fullsize'  data-section-bg-repeat='stretch' data-av_minimum_height_pc='50' data-av_min_height_opt='50'><div class='container av-section-cont-open' ><div class='template-page content  av-content-full alpha units'><div class='post-entry post-entry-type-page post-entry-40752'><div class='entry-content-wrapper clearfix'><\/div><\/div><\/div><!-- close content main div --><\/div><\/div><div id='after_section_2'  class='main_color av_default_container_wrap container_wrap fullsize'  ><div class='container av-section-cont-open' ><div class='template-page content  av-content-full alpha units'><div class='post-entry post-entry-type-page post-entry-40752'><div class='entry-content-wrapper clearfix'>\n\n<style type=\"text\/css\" data-created_by=\"avia_inline_auto\" id=\"style-css-av-jw7t35e5-012021c847a818caf6890972460d8540\">\n#top .hr.hr-invisible.av-jw7t35e5-012021c847a818caf6890972460d8540{\nheight:50px;\n}\n<\/style>\n<div  class='hr av-jw7t35e5-012021c847a818caf6890972460d8540 hr-invisible  avia-builder-el-2  el_after_av_section  el_before_av_textblock  avia-builder-el-first  av-small-hide av-mini-hide'><span class='hr-inner '><span class=\"hr-inner-style\"><\/span><\/span><\/div>\n<section  class='av_textblock_section av-lnojxp3j-43601e55974aec644a881a4937f1c924 '   itemscope=\"itemscope\" itemtype=\"https:\/\/schema.org\/CreativeWork\" ><div class='avia_textblock p-intro'  itemprop=\"text\" ><h1 style=\"text-align: left;\">La direcci\u00f3n de la empresa Uhlsport GmbH<\/h1>\n<\/div><\/section>\n\n<style type=\"text\/css\" data-created_by=\"avia_inline_auto\" id=\"style-css-av-9fphi5s-135ead84390105d679c71e70316e1db1\">\n#top .hr.hr-invisible.av-9fphi5s-135ead84390105d679c71e70316e1db1{\nheight:50px;\n}\n<\/style>\n<div  class='hr av-9fphi5s-135ead84390105d679c71e70316e1db1 hr-invisible  avia-builder-el-4  el_after_av_textblock  el_before_av_one_fourth  av-small-hide av-mini-hide'><span class='hr-inner '><span class=\"hr-inner-style\"><\/span><\/span><\/div>\n<div class='flex_column_table av-6ixwr74-41696ed271f7a01330be21c6efa6bd01 sc-av_one_fourth av-equal-height-column-flextable'><div  class='flex_column av-6ixwr74-41696ed271f7a01330be21c6efa6bd01 av_one_fourth  avia-builder-el-5  el_after_av_hr  el_before_av_three_fifth  first flex_column_table_cell av-equal-height-column av-align-middle  '     ><style type=\"text\/css\" data-created_by=\"avia_inline_auto\" id=\"style-css-av-6dvfea8-c82bf9b44f32c93f19d6743ab75801f3\">\n.avia-image-container.av-6dvfea8-c82bf9b44f32c93f19d6743ab75801f3 img.avia_image{\nbox-shadow:none;\n}\n.avia-image-container.av-6dvfea8-c82bf9b44f32c93f19d6743ab75801f3 .av-image-caption-overlay-center{\ncolor:#ffffff;\n}\n<\/style>\n<div  class='avia-image-container av-6dvfea8-c82bf9b44f32c93f19d6743ab75801f3 av-styling- avia-align-center  avia-builder-el-6  avia-builder-el-no-sibling '   itemprop=\"image\" itemscope=\"itemscope\" itemtype=\"https:\/\/schema.org\/ImageObject\" ><div class=\"avia-image-container-inner\"><div class=\"avia-image-overlay-wrap\"><img decoding=\"async\" fetchpriority=\"high\" class='wp-image-40795 avia-img-lazy-loading-not-40795 avia_image ' src=\"https:\/\/uhlsport.group\/wp-content\/uploads\/2023\/10\/Melanie-Steinhilber-uhlsport-GmbH-2023_sw.jpg\" alt='' title='Melanie-Steinhilber-uhlsport-GmbH-2023_sw'  height=\"1920\" width=\"1536\"  itemprop=\"thumbnailUrl\" srcset=\"https:\/\/uhlsport.group\/wp-content\/uploads\/2023\/10\/Melanie-Steinhilber-uhlsport-GmbH-2023_sw.jpg 1536w, https:\/\/uhlsport.group\/wp-content\/uploads\/2023\/10\/Melanie-Steinhilber-uhlsport-GmbH-2023_sw-240x300.jpg 240w, https:\/\/uhlsport.group\/wp-content\/uploads\/2023\/10\/Melanie-Steinhilber-uhlsport-GmbH-2023_sw-824x1030.jpg 824w, https:\/\/uhlsport.group\/wp-content\/uploads\/2023\/10\/Melanie-Steinhilber-uhlsport-GmbH-2023_sw-768x960.jpg 768w, https:\/\/uhlsport.group\/wp-content\/uploads\/2023\/10\/Melanie-Steinhilber-uhlsport-GmbH-2023_sw-1229x1536.jpg 1229w, https:\/\/uhlsport.group\/wp-content\/uploads\/2023\/10\/Melanie-Steinhilber-uhlsport-GmbH-2023_sw-1200x1500.jpg 1200w, https:\/\/uhlsport.group\/wp-content\/uploads\/2023\/10\/Melanie-Steinhilber-uhlsport-GmbH-2023_sw-564x705.jpg 564w, https:\/\/uhlsport.group\/wp-content\/uploads\/2023\/10\/Melanie-Steinhilber-uhlsport-GmbH-2023_sw-500x625.jpg 500w\" sizes=\"(max-width: 1536px) 100vw, 1536px\" \/><\/div><\/div><\/div><\/div>\n<div class='av-flex-placeholder'><\/div><div  class='flex_column av-5u0ssvk-efd5311b92bdbc00596cd3ad22df901d av_three_fifth  avia-builder-el-7  el_after_av_one_fourth  el_before_av_hr  flex_column_table_cell av-equal-height-column av-align-middle  '     ><section  class='av_textblock_section av-mcommd1j-9da065af08b7c6c2b9785243a1fa9027 '   itemscope=\"itemscope\" itemtype=\"https:\/\/schema.org\/CreativeWork\" ><div class='avia_textblock'  itemprop=\"text\" ><h4>Melanie Steinhilber<\/h4>\n<p>CEO<\/p>\n<\/div><\/section><br \/>\n<section  class='av_textblock_section av-lnojzrqd-cbb71d8b49518f0e120b72ba0f4973c4 '   itemscope=\"itemscope\" itemtype=\"https:\/\/schema.org\/CreativeWork\" ><div class='avia_textblock'  itemprop=\"text\" ><div class=\"flex flex-grow flex-col gap-3 max-w-full\">\n<div class=\"min-h-&#091;20px&#093; flex flex-col items-start gap-3 whitespace-pre-wrap break-words overflow-x-auto\">\n<div class=\"markdown prose w-full break-words dark:prose-invert light\">\n<p>Melanie Steinhilber naci\u00f3 en 1975 y creci\u00f3 en Barcelona. Despu\u00e9s de terminar la escuela, pas\u00f3 casi 2 a\u00f1os en Malahide, Irlanda, donde obtuvo el Proficiency Degree. Despu\u00e9s de obtener su diploma en Ling\u00fc\u00edstica y Estudios Culturales en la Universidad de Mainz, obtuvo un Master en Administraci\u00f3n de Empresas (MBA) en Marketing Internacional en la FH Reutlingen.<\/p>\n<p>Melanie Steinhilber trabaja en uhlsport GmbH desde 2002. En su funci\u00f3n como CMO, es responsable principalmente de las \u00e1reas de abastecimiento, compras, almacenamiento y log\u00edstica, marketing digital, direcci\u00f3n de arte, patrocinio, gesti\u00f3n de productos, desarrollo de productos y gesti\u00f3n de calidad.<\/p>\n<\/div>\n<\/div>\n<\/div>\n<\/div><\/section><\/p><\/div><\/div><!--close column table wrapper. Autoclose: 1 -->\n\n<style type=\"text\/css\" data-created_by=\"avia_inline_auto\" id=\"style-css-av-5hrxbf4-5ef6c77fefa86bc34d1734de9774bb38\">\n#top .hr.hr-invisible.av-5hrxbf4-5ef6c77fefa86bc34d1734de9774bb38{\nheight:50px;\n}\n<\/style>\n<div  class='hr av-5hrxbf4-5ef6c77fefa86bc34d1734de9774bb38 hr-invisible  avia-builder-el-10  el_after_av_three_fifth  el_before_av_one_fourth  av-small-hide av-mini-hide'><span class='hr-inner '><span class=\"hr-inner-style\"><\/span><\/span><\/div>\n<div class='flex_column_table av-51b1v80-864f71e276246859d3522bc76fba8598 sc-av_one_fourth av-equal-height-column-flextable'><div  class='flex_column av-51b1v80-864f71e276246859d3522bc76fba8598 av_one_fourth  avia-builder-el-11  el_after_av_hr  el_before_av_three_fifth  first flex_column_table_cell av-equal-height-column av-align-middle  '     ><style type=\"text\/css\" data-created_by=\"avia_inline_auto\" id=\"style-css-av-ggaw1c-0b932936140c7fbf129cac16d06e97b4\">\n.avia-image-container.av-ggaw1c-0b932936140c7fbf129cac16d06e97b4 img.avia_image{\nbox-shadow:none;\n}\n.avia-image-container.av-ggaw1c-0b932936140c7fbf129cac16d06e97b4 .av-image-caption-overlay-center{\ncolor:#ffffff;\n}\n<\/style>\n<div  class='avia-image-container av-ggaw1c-0b932936140c7fbf129cac16d06e97b4 av-styling- avia-align-center  avia-builder-el-12  avia-builder-el-no-sibling '   itemprop=\"image\" itemscope=\"itemscope\" itemtype=\"https:\/\/schema.org\/ImageObject\" ><div class=\"avia-image-container-inner\"><div class=\"avia-image-overlay-wrap\"><img decoding=\"async\" fetchpriority=\"high\" class='wp-image-40801 avia-img-lazy-loading-not-40801 avia_image ' src=\"https:\/\/uhlsport.group\/wp-content\/uploads\/2023\/10\/Sulaiman-El-Hamad-uhlsport-GmbH-2023_sw.jpg\" alt='' title='Sulaiman-El-Hamad-uhlsport-GmbH-2023_sw'  height=\"1920\" width=\"1537\"  itemprop=\"thumbnailUrl\" srcset=\"https:\/\/uhlsport.group\/wp-content\/uploads\/2023\/10\/Sulaiman-El-Hamad-uhlsport-GmbH-2023_sw.jpg 1537w, https:\/\/uhlsport.group\/wp-content\/uploads\/2023\/10\/Sulaiman-El-Hamad-uhlsport-GmbH-2023_sw-240x300.jpg 240w, https:\/\/uhlsport.group\/wp-content\/uploads\/2023\/10\/Sulaiman-El-Hamad-uhlsport-GmbH-2023_sw-825x1030.jpg 825w, https:\/\/uhlsport.group\/wp-content\/uploads\/2023\/10\/Sulaiman-El-Hamad-uhlsport-GmbH-2023_sw-768x959.jpg 768w, https:\/\/uhlsport.group\/wp-content\/uploads\/2023\/10\/Sulaiman-El-Hamad-uhlsport-GmbH-2023_sw-1230x1536.jpg 1230w, https:\/\/uhlsport.group\/wp-content\/uploads\/2023\/10\/Sulaiman-El-Hamad-uhlsport-GmbH-2023_sw-1201x1500.jpg 1201w, https:\/\/uhlsport.group\/wp-content\/uploads\/2023\/10\/Sulaiman-El-Hamad-uhlsport-GmbH-2023_sw-564x705.jpg 564w, https:\/\/uhlsport.group\/wp-content\/uploads\/2023\/10\/Sulaiman-El-Hamad-uhlsport-GmbH-2023_sw-500x625.jpg 500w\" sizes=\"(max-width: 1537px) 100vw, 1537px\" \/><\/div><\/div><\/div><\/div>\n<div class='av-flex-placeholder'><\/div><div  class='flex_column av-3r5wca8-ed261b8c0c1b4d298916ff3225e0c8e2 av_three_fifth  avia-builder-el-13  el_after_av_one_fourth  el_before_av_hr  flex_column_table_cell av-equal-height-column av-align-middle  '     ><section  class='av_textblock_section av-3jj2ng0-bcce22dfee12754ad563c59e09b7f6a5 '   itemscope=\"itemscope\" itemtype=\"https:\/\/schema.org\/CreativeWork\" ><div class='avia_textblock'  itemprop=\"text\" ><h4>Sulaiman El-Hamad<\/h4>\n<p>Director International Sales<\/p>\n<\/div><\/section><br \/>\n<section  class='av_textblock_section av-lnok0bqb-403c07142852ce642c2832030994e440 '   itemscope=\"itemscope\" itemtype=\"https:\/\/schema.org\/CreativeWork\" ><div class='avia_textblock'  itemprop=\"text\" ><div class=\"flex flex-grow flex-col gap-3 max-w-full\">\n<div class=\"min-h-&#091;20px&#093; flex flex-col items-start gap-3 whitespace-pre-wrap break-words overflow-x-auto\">\n<div class=\"markdown prose w-full break-words dark:prose-invert light\">\n<p>Sulaiman El-Hamad naci\u00f3 en 1971 en Ludwigsburg. Despu\u00e9s de completar su formaci\u00f3n como bancario, realiz\u00f3 estudios de Comercio Exterior en Reutlingen, los cuales culmin\u00f3 en el a\u00f1o 2000 obteniendo el t\u00edtulo de Diplom-Betriebswirt. Tras varios a\u00f1os trabajando en consultor\u00eda empresarial, ocup\u00f3 diversos cargos en empresas donde se encarg\u00f3 del \u00e1rea de ventas a nivel nacional e internacional.<\/p>\n<p>Desde 2022, Sulaiman El-Hamad trabaja en la uhlsport GmbH como Director de Ventas Internacionales. Es miembro del equipo directivo. En este rol, es responsable, entre otras cosas, de la gesti\u00f3n como director general de las filiales uhlsport France y uhlsport Iberica.<\/p>\n<\/div>\n<\/div>\n<\/div>\n<\/div><\/section><\/p><\/div><\/div><!--close column table wrapper. Autoclose: 1 -->\n\n<style type=\"text\/css\" data-created_by=\"avia_inline_auto\" id=\"style-css-av-323fhio-39fdab79bb1b458ac9c23cab3b55cf60\">\n#top .hr.hr-invisible.av-323fhio-39fdab79bb1b458ac9c23cab3b55cf60{\nheight:50px;\n}\n<\/style>\n<div  class='hr av-323fhio-39fdab79bb1b458ac9c23cab3b55cf60 hr-invisible  avia-builder-el-16  el_after_av_three_fifth  el_before_av_one_fourth  av-small-hide av-mini-hide'><span class='hr-inner '><span class=\"hr-inner-style\"><\/span><\/span><\/div>\n<div class='flex_column_table av-2q2nhw0-4ee5b1f55da3d2d3079a860a31a90726 sc-av_one_fourth av-equal-height-column-flextable'><div  class='flex_column av-2q2nhw0-4ee5b1f55da3d2d3079a860a31a90726 av_one_fourth  avia-builder-el-17  el_after_av_hr  el_before_av_three_fifth  first flex_column_table_cell av-equal-height-column av-align-middle  '     ><style type=\"text\/css\" data-created_by=\"avia_inline_auto\" id=\"style-css-av-26jta9c-d90621b5ebaf6563399bcd914c01e202\">\n.avia-image-container.av-26jta9c-d90621b5ebaf6563399bcd914c01e202 img.avia_image{\nbox-shadow:none;\n}\n.avia-image-container.av-26jta9c-d90621b5ebaf6563399bcd914c01e202 .av-image-caption-overlay-center{\ncolor:#ffffff;\n}\n<\/style>\n<div  class='avia-image-container av-26jta9c-d90621b5ebaf6563399bcd914c01e202 av-styling- avia-align-center  avia-builder-el-18  avia-builder-el-no-sibling '   itemprop=\"image\" itemscope=\"itemscope\" itemtype=\"https:\/\/schema.org\/ImageObject\" ><div class=\"avia-image-container-inner\"><div class=\"avia-image-overlay-wrap\"><img decoding=\"async\" fetchpriority=\"high\" class='wp-image-40805 avia-img-lazy-loading-not-40805 avia_image ' src=\"https:\/\/uhlsport.group\/wp-content\/uploads\/2023\/10\/Mario-Scholze-uhlsport-GmbH-2023_sw.jpg\" alt='' title='Mario-Scholze-uhlsport-GmbH-2023_sw'  height=\"1920\" width=\"1536\"  itemprop=\"thumbnailUrl\" srcset=\"https:\/\/uhlsport.group\/wp-content\/uploads\/2023\/10\/Mario-Scholze-uhlsport-GmbH-2023_sw.jpg 1536w, https:\/\/uhlsport.group\/wp-content\/uploads\/2023\/10\/Mario-Scholze-uhlsport-GmbH-2023_sw-240x300.jpg 240w, https:\/\/uhlsport.group\/wp-content\/uploads\/2023\/10\/Mario-Scholze-uhlsport-GmbH-2023_sw-824x1030.jpg 824w, https:\/\/uhlsport.group\/wp-content\/uploads\/2023\/10\/Mario-Scholze-uhlsport-GmbH-2023_sw-768x960.jpg 768w, https:\/\/uhlsport.group\/wp-content\/uploads\/2023\/10\/Mario-Scholze-uhlsport-GmbH-2023_sw-1229x1536.jpg 1229w, https:\/\/uhlsport.group\/wp-content\/uploads\/2023\/10\/Mario-Scholze-uhlsport-GmbH-2023_sw-1200x1500.jpg 1200w, https:\/\/uhlsport.group\/wp-content\/uploads\/2023\/10\/Mario-Scholze-uhlsport-GmbH-2023_sw-564x705.jpg 564w, https:\/\/uhlsport.group\/wp-content\/uploads\/2023\/10\/Mario-Scholze-uhlsport-GmbH-2023_sw-500x625.jpg 500w\" sizes=\"(max-width: 1536px) 100vw, 1536px\" \/><\/div><\/div><\/div><\/div>\n<div class='av-flex-placeholder'><\/div><div  class='flex_column av-1te0j1s-f0af6758d0b052fb612ff6a46d96f3ec av_three_fifth  avia-builder-el-19  el_after_av_one_fourth  el_before_av_hr  flex_column_table_cell av-equal-height-column av-align-middle  '     ><section  class='av_textblock_section av-115h0s0-170f2c7327710de745f118a2d1accafa '   itemscope=\"itemscope\" itemtype=\"https:\/\/schema.org\/CreativeWork\" ><div class='avia_textblock'  itemprop=\"text\" ><h4>Mario Scholze<\/h4>\n<p>Director National Sales<\/p>\n<\/div><\/section><br \/>\n<section  class='av_textblock_section av-lnok0rei-b741eb0884a2fed3a9d9d83254c6dd91 '   itemscope=\"itemscope\" itemtype=\"https:\/\/schema.org\/CreativeWork\" ><div class='avia_textblock'  itemprop=\"text\" ><div class=\"flex-col gap-1 md:gap-3\">\n<div class=\"flex flex-grow flex-col gap-3 max-w-full\">\n<div class=\"min-h-&#091;20px&#093; flex flex-col items-start gap-3 whitespace-pre-wrap break-words overflow-x-auto\">\n<div class=\"markdown prose w-full break-words dark:prose-invert light\">\n<p>Mario Scholze naci\u00f3 en 1982 en Zittau. Despu\u00e9s de completar su formaci\u00f3n en comercio y trabajar en marketing deportivo durante sus primeros a\u00f1os profesionales, realiz\u00f3 estudios en el campo de la gesti\u00f3n deportiva. Despu\u00e9s de graduarse, trabaj\u00f3 durante 4 a\u00f1os en el comercio minorista especializado en deportes de equipo antes de unirse a uhlsport en 2016, donde se desempe\u00f1\u00f3 en el departamento de ventas externas.<\/p>\n<p>Desde 2020, es responsable de las ventas en Alemania, Austria y Suiza (DACH) y desde 2022, tambi\u00e9n es miembro del equipo directivo.<\/p>\n<\/div>\n<\/div>\n<\/div>\n<\/div>\n<\/div><\/section><\/p><\/div><\/div><!--close column table wrapper. Autoclose: 1 -->\n\n<style type=\"text\/css\" data-created_by=\"avia_inline_auto\" id=\"style-css-av-wu767k-b0dfc9677d573ae7b0200772880eedf2\">\n#top .hr.hr-invisible.av-wu767k-b0dfc9677d573ae7b0200772880eedf2{\nheight:50px;\n}\n<\/style>\n<div  class='hr av-wu767k-b0dfc9677d573ae7b0200772880eedf2 hr-invisible  avia-builder-el-22  el_after_av_three_fifth  el_before_av_one_fourth  av-small-hide av-mini-hide'><span class='hr-inner '><span class=\"hr-inner-style\"><\/span><\/span><\/div>\n<div class='flex_column_table av-2tr6l5c-5790a6ef2fb60e5995e92fb86b2ed623 sc-av_one_fourth av-equal-height-column-flextable'><div  class='flex_column av-2tr6l5c-5790a6ef2fb60e5995e92fb86b2ed623 av_one_fourth  avia-builder-el-23  el_after_av_hr  el_before_av_three_fifth  first flex_column_table_cell av-equal-height-column av-align-middle  '     ><style type=\"text\/css\" data-created_by=\"avia_inline_auto\" id=\"style-css-av-mdpot3u9-6ccd113861786d8af1c22e62467b11d7\">\n.avia-image-container.av-mdpot3u9-6ccd113861786d8af1c22e62467b11d7 img.avia_image{\nbox-shadow:none;\n}\n.avia-image-container.av-mdpot3u9-6ccd113861786d8af1c22e62467b11d7 .av-image-caption-overlay-center{\ncolor:#ffffff;\n}\n<\/style>\n<div  class='avia-image-container av-mdpot3u9-6ccd113861786d8af1c22e62467b11d7 av-styling- avia-align-center  avia-builder-el-24  avia-builder-el-no-sibling '   itemprop=\"image\" itemscope=\"itemscope\" itemtype=\"https:\/\/schema.org\/ImageObject\" ><div class=\"avia-image-container-inner\"><div class=\"avia-image-overlay-wrap\"><img decoding=\"async\" fetchpriority=\"high\" class='wp-image-49612 avia-img-lazy-loading-not-49612 avia_image ' src=\"https:\/\/uhlsport.group\/wp-content\/uploads\/2025\/07\/Baris-Levent-uhlsport-GmbH-2025_sw.jpg\" alt='' title=''  height=\"1920\" width=\"1536\"  itemprop=\"thumbnailUrl\" srcset=\"https:\/\/uhlsport.group\/wp-content\/uploads\/2025\/07\/Baris-Levent-uhlsport-GmbH-2025_sw.jpg 1536w, https:\/\/uhlsport.group\/wp-content\/uploads\/2025\/07\/Baris-Levent-uhlsport-GmbH-2025_sw-240x300.jpg 240w, https:\/\/uhlsport.group\/wp-content\/uploads\/2025\/07\/Baris-Levent-uhlsport-GmbH-2025_sw-824x1030.jpg 824w, https:\/\/uhlsport.group\/wp-content\/uploads\/2025\/07\/Baris-Levent-uhlsport-GmbH-2025_sw-768x960.jpg 768w, https:\/\/uhlsport.group\/wp-content\/uploads\/2025\/07\/Baris-Levent-uhlsport-GmbH-2025_sw-1229x1536.jpg 1229w, https:\/\/uhlsport.group\/wp-content\/uploads\/2025\/07\/Baris-Levent-uhlsport-GmbH-2025_sw-1200x1500.jpg 1200w, https:\/\/uhlsport.group\/wp-content\/uploads\/2025\/07\/Baris-Levent-uhlsport-GmbH-2025_sw-564x705.jpg 564w, https:\/\/uhlsport.group\/wp-content\/uploads\/2025\/07\/Baris-Levent-uhlsport-GmbH-2025_sw-500x625.jpg 500w\" sizes=\"(max-width: 1536px) 100vw, 1536px\" \/><\/div><\/div><\/div><\/div>\n<div class='av-flex-placeholder'><\/div><div  class='flex_column av-2oznlrk-6b90424eb1023f0934ed582dec435057 av_three_fifth  avia-builder-el-25  el_after_av_one_fourth  el_before_av_hr  flex_column_table_cell av-equal-height-column av-align-middle  '     ><section  class='av_textblock_section av-mdpotrxi-70879041c9f33e56bdf0abaf6e551b06 '   itemscope=\"itemscope\" itemtype=\"https:\/\/schema.org\/CreativeWork\" ><div class='avia_textblock'  itemprop=\"text\" ><h4>Bar\u0131\u015f Levent<\/h4>\n<p>Director Procurement<\/p>\n<\/div><\/section><br \/>\n<section  class='av_textblock_section av-mdpovk3k-f6ef623a30c4f1975aa2d5318c6bae14 '   itemscope=\"itemscope\" itemtype=\"https:\/\/schema.org\/CreativeWork\" ><div class='avia_textblock'  itemprop=\"text\" ><div class=\"flex-col gap-1 md:gap-3\">\n<div class=\"flex flex-grow flex-col gap-3 max-w-full\">\n<div class=\"min-h-&#091;20px&#093; flex flex-col items-start gap-3 whitespace-pre-wrap break-words overflow-x-auto\">\n<div class=\"markdown prose w-full break-words dark:prose-invert light\">Bar\u0131\u015f Levent naci\u00f3 en 1977 en Esmirna (Turqu\u00eda). Tras estudiar ingenier\u00eda textil en la Universidad de Ege, adquiri\u00f3 una amplia experiencia en compras estrat\u00e9gicas, gesti\u00f3n de proveedores y adquisiciones sostenibles, tanto en la industria textil como en el sector de art\u00edculos deportivos.<\/div>\n<div class=\"markdown prose w-full break-words dark:prose-invert light\"><br data-start=\"2100\" data-end=\"2103\" \/>Desde 2025, es Director de Compras en uhlsport. Es responsable de la estrategia de compras, la gesti\u00f3n de proveedores y la log\u00edstica de almac\u00e9n, con un enfoque especial en la eficiencia y la sostenibilidad.<\/div>\n<\/div>\n<\/div>\n<\/div>\n<\/div><\/section><\/p><\/div><\/div><!--close column table wrapper. Autoclose: 1 -->\n\n<style type=\"text\/css\" data-created_by=\"avia_inline_auto\" id=\"style-css-av-231tynk-3e1066cde46b959fb60352b1b4ad45c1\">\n#top .hr.hr-invisible.av-231tynk-3e1066cde46b959fb60352b1b4ad45c1{\nheight:50px;\n}\n<\/style>\n<div  class='hr av-231tynk-3e1066cde46b959fb60352b1b4ad45c1 hr-invisible  avia-builder-el-28  el_after_av_three_fifth  el_before_av_one_fourth  av-small-hide av-mini-hide'><span class='hr-inner '><span class=\"hr-inner-style\"><\/span><\/span><\/div>\n<div class='flex_column_table av-1pzny8g-423cb6b2bee5c70aed2ce1bb775db6da sc-av_one_fourth av-equal-height-column-flextable'><div  class='flex_column av-1pzny8g-423cb6b2bee5c70aed2ce1bb775db6da av_one_fourth  avia-builder-el-29  el_after_av_hr  el_before_av_three_fifth  first flex_column_table_cell av-equal-height-column av-align-middle  '     ><style type=\"text\/css\" data-created_by=\"avia_inline_auto\" id=\"style-css-av-mdpotdci-74760d0663766a7980018cbfd0e6d396\">\n.avia-image-container.av-mdpotdci-74760d0663766a7980018cbfd0e6d396 img.avia_image{\nbox-shadow:none;\n}\n.avia-image-container.av-mdpotdci-74760d0663766a7980018cbfd0e6d396 .av-image-caption-overlay-center{\ncolor:#ffffff;\n}\n<\/style>\n<div  class='avia-image-container av-mdpotdci-74760d0663766a7980018cbfd0e6d396 av-styling- avia-align-center  avia-builder-el-30  avia-builder-el-no-sibling '   itemprop=\"image\" itemscope=\"itemscope\" itemtype=\"https:\/\/schema.org\/ImageObject\" ><div class=\"avia-image-container-inner\"><div class=\"avia-image-overlay-wrap\"><img decoding=\"async\" fetchpriority=\"high\" class='wp-image-49616 avia-img-lazy-loading-not-49616 avia_image ' src=\"https:\/\/uhlsport.group\/wp-content\/uploads\/2025\/07\/Viktor-Daiker-uhlsport-GmbH-2025_sw.jpg\" alt='' title=''  height=\"1920\" width=\"1537\"  itemprop=\"thumbnailUrl\" srcset=\"https:\/\/uhlsport.group\/wp-content\/uploads\/2025\/07\/Viktor-Daiker-uhlsport-GmbH-2025_sw.jpg 1537w, https:\/\/uhlsport.group\/wp-content\/uploads\/2025\/07\/Viktor-Daiker-uhlsport-GmbH-2025_sw-240x300.jpg 240w, https:\/\/uhlsport.group\/wp-content\/uploads\/2025\/07\/Viktor-Daiker-uhlsport-GmbH-2025_sw-825x1030.jpg 825w, https:\/\/uhlsport.group\/wp-content\/uploads\/2025\/07\/Viktor-Daiker-uhlsport-GmbH-2025_sw-768x959.jpg 768w, https:\/\/uhlsport.group\/wp-content\/uploads\/2025\/07\/Viktor-Daiker-uhlsport-GmbH-2025_sw-1230x1536.jpg 1230w, https:\/\/uhlsport.group\/wp-content\/uploads\/2025\/07\/Viktor-Daiker-uhlsport-GmbH-2025_sw-1201x1500.jpg 1201w, https:\/\/uhlsport.group\/wp-content\/uploads\/2025\/07\/Viktor-Daiker-uhlsport-GmbH-2025_sw-564x705.jpg 564w, https:\/\/uhlsport.group\/wp-content\/uploads\/2025\/07\/Viktor-Daiker-uhlsport-GmbH-2025_sw-500x625.jpg 500w\" sizes=\"(max-width: 1537px) 100vw, 1537px\" \/><\/div><\/div><\/div><\/div>\n<div class='av-flex-placeholder'><\/div><div  class='flex_column av-13zefjk-ef74d26bcb39a29893ec7a79e5080d0b av_three_fifth  avia-builder-el-31  el_after_av_one_fourth  el_before_av_hr  flex_column_table_cell av-equal-height-column av-align-middle  '     ><section  class='av_textblock_section av-mdpov7qr-2bf44f17d57dcc86a7f5cd509f1d850b '   itemscope=\"itemscope\" itemtype=\"https:\/\/schema.org\/CreativeWork\" ><div class='avia_textblock'  itemprop=\"text\" ><h4>Viktor Daiker<\/h4>\n<p>Director Finance<\/p>\n<\/div><\/section><br \/>\n<section  class='av_textblock_section av-mdpovzh3-9267dc77ba6a8f98ef364c24e6deac74 '   itemscope=\"itemscope\" itemtype=\"https:\/\/schema.org\/CreativeWork\" ><div class='avia_textblock'  itemprop=\"text\" ><div class=\"flex-col gap-1 md:gap-3\">Viktor Daiker naci\u00f3 en 1976 en Kazajist\u00e1n. Tras estudiar administraci\u00f3n de empresas con especializaci\u00f3n en contabilidad e imposici\u00f3n corporativa, adquiri\u00f3 experiencia directiva en diversos sectores, incluyendo la industria, la sanidad y el sector inmobiliario.<\/div>\n<div class=\"flex-col gap-1 md:gap-3\"><br data-start=\"931\" data-end=\"934\" \/>Desde julio de 2025, es Director Financiero en uhlsport y miembro de la direcci\u00f3n ejecutiva. Es responsable de todo el \u00e1rea financiera, incluida la planificaci\u00f3n de liquidez, los informes financieros y los estados financieros anuales.<\/div>\n<\/div><\/section><\/p><\/div><\/div><!--close column table wrapper. Autoclose: 1 -->\n\n<style type=\"text\/css\" data-created_by=\"avia_inline_auto\" id=\"style-css-av-kcc1io-9e48f06364aa38276ed2575a82d53320\">\n#top .hr.hr-invisible.av-kcc1io-9e48f06364aa38276ed2575a82d53320{\nheight:50px;\n}\n<\/style>\n<div  class='hr av-kcc1io-9e48f06364aa38276ed2575a82d53320 hr-invisible  avia-builder-el-34  el_after_av_three_fifth  avia-builder-el-last  av-small-hide av-mini-hide'><span class='hr-inner '><span class=\"hr-inner-style\"><\/span><\/span><\/div>\n","protected":false},"excerpt":{"rendered":"","protected":false},"author":1,"featured_media":0,"parent":0,"menu_order":0,"comment_status":"closed","ping_status":"closed","template":"","meta":{"footnotes":""},"class_list":["post-40752","page","type-page","status-publish","hentry"],"yoast_head":"<!-- This site is optimized with the Yoast SEO plugin v27.2 - https:\/\/yoast.com\/product\/yoast-seo-wordpress\/ -->\n<title>La direcci\u00f3n de la empresa Uhlsport GmbH<\/title>\n<meta name=\"robots\" content=\"index, follow, max-snippet:-1, max-image-preview:large, max-video-preview:-1\" \/>\n<link rel=\"canonical\" href=\"https:\/\/uhlsport.group\/es\/direccion-de-la-empresa\/\" \/>\n<meta property=\"og:locale\" content=\"es_ES\" \/>\n<meta property=\"og:type\" content=\"article\" \/>\n<meta property=\"og:title\" content=\"La direcci\u00f3n de la empresa Uhlsport GmbH\" \/>\n<meta property=\"og:url\" content=\"https:\/\/uhlsport.group\/es\/direccion-de-la-empresa\/\" \/>\n<meta property=\"og:site_name\" content=\"uhlsport GmbH: Teamsport-Ausr\u00fcstung f\u00fcr Fu\u00dfball und Handball\" \/>\n<meta property=\"article:modified_time\" content=\"2026-01-12T09:17:49+00:00\" \/>\n<meta name=\"twitter:card\" content=\"summary_large_image\" \/>\n<meta name=\"twitter:label1\" content=\"Tiempo de lectura\" \/>\n\t<meta name=\"twitter:data1\" content=\"4 minutos\" \/>\n<script type=\"application\/ld+json\" class=\"yoast-schema-graph\">{\"@context\":\"https:\/\/schema.org\",\"@graph\":[{\"@type\":\"WebPage\",\"@id\":\"https:\/\/uhlsport.group\/es\/direccion-de-la-empresa\/\",\"url\":\"https:\/\/uhlsport.group\/es\/direccion-de-la-empresa\/\",\"name\":\"La direcci\u00f3n de la empresa Uhlsport GmbH\",\"isPartOf\":{\"@id\":\"https:\/\/uhlsport.group\/es\/#website\"},\"datePublished\":\"2023-10-13T12:36:27+00:00\",\"dateModified\":\"2026-01-12T09:17:49+00:00\",\"breadcrumb\":{\"@id\":\"https:\/\/uhlsport.group\/es\/direccion-de-la-empresa\/#breadcrumb\"},\"inLanguage\":\"es\",\"potentialAction\":[{\"@type\":\"ReadAction\",\"target\":[\"https:\/\/uhlsport.group\/es\/direccion-de-la-empresa\/\"]}]},{\"@type\":\"BreadcrumbList\",\"@id\":\"https:\/\/uhlsport.group\/es\/direccion-de-la-empresa\/#breadcrumb\",\"itemListElement\":[{\"@type\":\"ListItem\",\"position\":1,\"name\":\"Startseite\",\"item\":\"https:\/\/uhlsport.group\/es\/\"},{\"@type\":\"ListItem\",\"position\":2,\"name\":\"Direcci\u00f3n de la empresa\"}]},{\"@type\":\"WebSite\",\"@id\":\"https:\/\/uhlsport.group\/es\/#website\",\"url\":\"https:\/\/uhlsport.group\/es\/\",\"name\":\"uhlsport GmbH: Teamsport-Ausr\u00fcstung f\u00fcr Fu\u00dfball und Handball\",\"description\":\"Brave. Progressive. Trustworthy. uhlsport und Kempa \u2013 das ist die uhlsport GmbH, der Experte f\u00fcr Teamsport seit 1948.\",\"publisher\":{\"@id\":\"https:\/\/uhlsport.group\/es\/#organization\"},\"potentialAction\":[{\"@type\":\"SearchAction\",\"target\":{\"@type\":\"EntryPoint\",\"urlTemplate\":\"https:\/\/uhlsport.group\/es\/?s={search_term_string}\"},\"query-input\":{\"@type\":\"PropertyValueSpecification\",\"valueRequired\":true,\"valueName\":\"search_term_string\"}}],\"inLanguage\":\"es\"},{\"@type\":\"Organization\",\"@id\":\"https:\/\/uhlsport.group\/es\/#organization\",\"name\":\"uhlsport GmbH\",\"url\":\"https:\/\/uhlsport.group\/es\/\",\"logo\":{\"@type\":\"ImageObject\",\"inLanguage\":\"es\",\"@id\":\"https:\/\/uhlsport.group\/es\/#\/schema\/logo\/image\/\",\"url\":\"https:\/\/uhlsport.group\/wp-content\/uploads\/2019\/04\/Logo_uhlsport-Group.png\",\"contentUrl\":\"https:\/\/uhlsport.group\/wp-content\/uploads\/2019\/04\/Logo_uhlsport-Group.png\",\"width\":2151,\"height\":315,\"caption\":\"uhlsport GmbH\"},\"image\":{\"@id\":\"https:\/\/uhlsport.group\/es\/#\/schema\/logo\/image\/\"}}]}<\/script>\n<!-- \/ Yoast SEO plugin. -->","yoast_head_json":{"title":"La direcci\u00f3n de la empresa Uhlsport GmbH","robots":{"index":"index","follow":"follow","max-snippet":"max-snippet:-1","max-image-preview":"max-image-preview:large","max-video-preview":"max-video-preview:-1"},"canonical":"https:\/\/uhlsport.group\/es\/direccion-de-la-empresa\/","og_locale":"es_ES","og_type":"article","og_title":"La direcci\u00f3n de la empresa Uhlsport GmbH","og_url":"https:\/\/uhlsport.group\/es\/direccion-de-la-empresa\/","og_site_name":"uhlsport GmbH: Teamsport-Ausr\u00fcstung f\u00fcr Fu\u00dfball und Handball","article_modified_time":"2026-01-12T09:17:49+00:00","twitter_card":"summary_large_image","twitter_misc":{"Tiempo de lectura":"4 minutos"},"schema":{"@context":"https:\/\/schema.org","@graph":[{"@type":"WebPage","@id":"https:\/\/uhlsport.group\/es\/direccion-de-la-empresa\/","url":"https:\/\/uhlsport.group\/es\/direccion-de-la-empresa\/","name":"La direcci\u00f3n de la empresa Uhlsport GmbH","isPartOf":{"@id":"https:\/\/uhlsport.group\/es\/#website"},"datePublished":"2023-10-13T12:36:27+00:00","dateModified":"2026-01-12T09:17:49+00:00","breadcrumb":{"@id":"https:\/\/uhlsport.group\/es\/direccion-de-la-empresa\/#breadcrumb"},"inLanguage":"es","potentialAction":[{"@type":"ReadAction","target":["https:\/\/uhlsport.group\/es\/direccion-de-la-empresa\/"]}]},{"@type":"BreadcrumbList","@id":"https:\/\/uhlsport.group\/es\/direccion-de-la-empresa\/#breadcrumb","itemListElement":[{"@type":"ListItem","position":1,"name":"Startseite","item":"https:\/\/uhlsport.group\/es\/"},{"@type":"ListItem","position":2,"name":"Direcci\u00f3n de la empresa"}]},{"@type":"WebSite","@id":"https:\/\/uhlsport.group\/es\/#website","url":"https:\/\/uhlsport.group\/es\/","name":"uhlsport GmbH: Teamsport-Ausr\u00fcstung f\u00fcr Fu\u00dfball und Handball","description":"Brave. Progressive. Trustworthy. uhlsport und Kempa \u2013 das ist die uhlsport GmbH, der Experte f\u00fcr Teamsport seit 1948.","publisher":{"@id":"https:\/\/uhlsport.group\/es\/#organization"},"potentialAction":[{"@type":"SearchAction","target":{"@type":"EntryPoint","urlTemplate":"https:\/\/uhlsport.group\/es\/?s={search_term_string}"},"query-input":{"@type":"PropertyValueSpecification","valueRequired":true,"valueName":"search_term_string"}}],"inLanguage":"es"},{"@type":"Organization","@id":"https:\/\/uhlsport.group\/es\/#organization","name":"uhlsport GmbH","url":"https:\/\/uhlsport.group\/es\/","logo":{"@type":"ImageObject","inLanguage":"es","@id":"https:\/\/uhlsport.group\/es\/#\/schema\/logo\/image\/","url":"https:\/\/uhlsport.group\/wp-content\/uploads\/2019\/04\/Logo_uhlsport-Group.png","contentUrl":"https:\/\/uhlsport.group\/wp-content\/uploads\/2019\/04\/Logo_uhlsport-Group.png","width":2151,"height":315,"caption":"uhlsport GmbH"},"image":{"@id":"https:\/\/uhlsport.group\/es\/#\/schema\/logo\/image\/"}}]}},"_links":{"self":[{"href":"https:\/\/uhlsport.group\/es\/wp-json\/wp\/v2\/pages\/40752","targetHints":{"allow":["GET"]}}],"collection":[{"href":"https:\/\/uhlsport.group\/es\/wp-json\/wp\/v2\/pages"}],"about":[{"href":"https:\/\/uhlsport.group\/es\/wp-json\/wp\/v2\/types\/page"}],"author":[{"embeddable":true,"href":"https:\/\/uhlsport.group\/es\/wp-json\/wp\/v2\/users\/1"}],"replies":[{"embeddable":true,"href":"https:\/\/uhlsport.group\/es\/wp-json\/wp\/v2\/comments?post=40752"}],"version-history":[{"count":0,"href":"https:\/\/uhlsport.group\/es\/wp-json\/wp\/v2\/pages\/40752\/revisions"}],"wp:attachment":[{"href":"https:\/\/uhlsport.group\/es\/wp-json\/wp\/v2\/media?parent=40752"}],"curies":[{"name":"wp","href":"https:\/\/api.w.org\/{rel}","templated":true}]}}